{"id":2017,"date":"2026-08-31T11:15:25","date_gmt":"2026-08-31T11:15:25","guid":{"rendered":"https:\/\/powder-products.com\/?page_id=2017"},"modified":"2026-08-31T11:27:20","modified_gmt":"2026-08-31T11:27:20","slug":"a-ppp-iden-is-tamogatja-az-akadalymentes-turizmus-napjat","status":"publish","type":"page","link":"https:\/\/powder-products.com\/hu\/a-ppp-iden-is-tamogatja-az-akadalymentes-turizmus-napjat\/","title":{"rendered":"A PPP id\u00e9n is t\u00e1mogatja az Akad\u00e1lymentes Turizmus Napj\u00e1t"},"content":{"rendered":"\n<p class=\"wp-block-paragraph\">Id\u00e9n is megrendez\u00e9sre ker\u00fcl az <a href=\"https:\/\/akadalymentesnap.hu\/\"><strong>Akad\u00e1lymentes Turizmus Napja<\/strong>,<\/a> amely 2026-ban jubileumi, 10. alkalommal v\u00e1rja a l\u00e1togat\u00f3kat. A rendezv\u00e9nyre <strong>szeptember 5-\u00e9n, Orf\u0171n<\/strong> ker\u00fcl sor, ahol eg\u00e9sz napos, sz\u00ednes programk\u00edn\u00e1lat v\u00e1rja a r\u00e9sztvev\u0151ket.<\/p>\n\n\n\n<p class=\"wp-block-paragraph\">Az esem\u00e9ny k\u00fcl\u00f6nlegess\u00e9ge, hogy fogyat\u00e9koss\u00e1ggal \u00e9l\u0151 \u00e9s \u00e9p emberek sz\u00e1m\u00e1ra egyar\u00e1nt lehet\u0151s\u00e9get teremt a k\u00f6z\u00f6s \u00e9lm\u00e9nyekre, kikapcsol\u00f3d\u00e1sra \u00e9s kapcsol\u00f3d\u00e1sra. A szervez\u0151k c\u00e9lja, hogy a r\u00e9sztvev\u0151k egy\u00fctt fedezhessenek fel \u00faj lehet\u0151s\u00e9geket, mik\u00f6zben a programokon kereszt\u00fcl az akad\u00e1lymentess\u00e9g, a befogad\u00e1s \u00e9s az es\u00e9lyegyenl\u0151s\u00e9g fontoss\u00e1g\u00e1ra is felh\u00edvj\u00e1k a figyelmet.<\/p>\n\n\n\n<p class=\"wp-block-paragraph\">A nap folyam\u00e1n sz\u00e1mos program k\u00f6z\u00fcl lehet v\u00e1lasztani, t\u00f6bbek k\u00f6z\u00f6tt <strong>koncertek, b\u00e1bel\u0151ad\u00e1s, sportol\u00e1si lehet\u0151s\u00e9gek, ingyenes eb\u00e9d, b\u0171v\u00e9szshow, habparty<\/strong>, valamint a fogyat\u00e9koss\u00e1ggal \u00e9l\u0151 emberek t\u00e1rsadalmi befogad\u00e1s\u00e1val kapcsolatos szakmai el\u0151ad\u00e1sok is v\u00e1rj\u00e1k az \u00e9rdekl\u0151d\u0151ket.<\/p>\n\n\n\n<p class=\"wp-block-paragraph\">A <strong>PPP imm\u00e1r harmadik \u00e9ve t\u00e1mogatja az Akad\u00e1lymentes Turizmus Napj\u00e1t<\/strong>. Id\u00e9n friss\u00edt\u0151 hideg italokkal \u00e9s j\u00e9gk\u00e1s\u00e1val j\u00e1rulunk hozz\u00e1 a rendezv\u00e9nyhez, hogy a r\u00e9sztvev\u0151k a programok k\u00f6z\u00f6tt egy kis felfriss\u00fcl\u00e9sre is lehet\u0151s\u00e9get kapjanak.<\/p>\n\n\n\n<p class=\"wp-block-paragraph\">\u00d6r\u00fcl\u00fcnk, hogy ism\u00e9t r\u00e9szesei lehet\u00fcnk ennek a k\u00fcl\u00f6nleges kezdem\u00e9nyez\u00e9snek, \u00e9s hozz\u00e1j\u00e1rulhatunk egy olyan nap megval\u00f3sul\u00e1s\u00e1hoz, amely a k\u00f6z\u00f6s \u00e9lm\u00e9nyekr\u0151l, a k\u00f6z\u00f6ss\u00e9gr\u0151l \u00e9s a befogad\u00e1sr\u00f3l sz\u00f3l.<\/p>\n\n\n\n<p class=\"wp-block-paragraph\"><strong>Tal\u00e1lkozzunk szeptember 5-\u00e9n Orf\u0171n!<\/strong><\/p>\n","protected":false},"excerpt":{"rendered":"<p>Id\u00e9n is megrendez\u00e9sre ker\u00fcl az Akad\u00e1lymentes Turizmus Napja, amely 2026-ban jubileumi, 10. alkalommal v\u00e1rja a l\u00e1togat\u00f3kat. A rendezv\u00e9nyre szeptember 5-\u00e9n, Orf\u0171n ker\u00fcl sor, ahol eg\u00e9sz napos, sz\u00ednes programk\u00edn\u00e1lat v\u00e1rja a r\u00e9sztvev\u0151ket. Az esem\u00e9ny k\u00fcl\u00f6nlegess\u00e9ge, hogy fogyat\u00e9koss\u00e1ggal \u00e9l\u0151 \u00e9s \u00e9p emberek sz\u00e1m\u00e1ra egyar\u00e1nt lehet\u0151s\u00e9get teremt a k\u00f6z\u00f6s \u00e9lm\u00e9nyekre, kikapcsol\u00f3d\u00e1sra \u00e9s kapcsol\u00f3d\u00e1sra. A szervez\u0151k c\u00e9lja, hogy a &hellip; <\/p>\n<p class=\"link-more\"><a href=\"https:\/\/powder-products.com\/hu\/a-ppp-iden-is-tamogatja-az-akadalymentes-turizmus-napjat\/\" class=\"more-link\"><span class=\"screen-reader-text\">&#8222;A PPP id\u00e9n is t\u00e1mogatja az Akad\u00e1lymentes Turizmus Napj\u00e1t&#8221;<\/span> b\u0151vebben<\/a><\/p>\n","protected":false},"author":4,"featured_media":0,"parent":0,"menu_order":0,"comment_status":"closed","ping_status":"closed","template":"","meta":{"footnotes":""},"class_list":["post-2017","page","type-page","status-publish","hentry"],"yoast_head":"<!-- This site is optimized with the Yoast SEO Premium plugin v27.4 (Yoast SEO v26.1.1) - https:\/\/yoast.com\/wordpress\/plugins\/seo\/ -->\n<title>A PPP id\u00e9n is t\u00e1mogatja az Akad\u00e1lymentes Turizmus Napj\u00e1t - PPP Private Powder Products<\/title>\n<meta name=\"robots\" content=\"index, follow, max-snippet:-1, max-image-preview:large, max-video-preview:-1\" \/>\n<link rel=\"canonical\" href=\"https:\/\/powder-products.com\/hu\/a-ppp-iden-is-tamogatja-az-akadalymentes-turizmus-napjat\/\" \/>\n<meta property=\"og:locale\" content=\"hu_HU\" \/>\n<meta property=\"og:type\" content=\"article\" \/>\n<meta property=\"og:title\" content=\"A PPP id\u00e9n is t\u00e1mogatja az Akad\u00e1lymentes Turizmus Napj\u00e1t - PPP Private Powder Products\" \/>\n<meta property=\"og:description\" content=\"Id\u00e9n is megrendez\u00e9sre ker\u00fcl az Akad\u00e1lymentes Turizmus Napja, amely 2026-ban jubileumi, 10. alkalommal v\u00e1rja a l\u00e1togat\u00f3kat. A rendezv\u00e9nyre szeptember 5-\u00e9n, Orf\u0171n ker\u00fcl sor, ahol eg\u00e9sz napos, sz\u00ednes programk\u00edn\u00e1lat v\u00e1rja a r\u00e9sztvev\u0151ket. Az esem\u00e9ny k\u00fcl\u00f6nlegess\u00e9ge, hogy fogyat\u00e9koss\u00e1ggal \u00e9l\u0151 \u00e9s \u00e9p emberek sz\u00e1m\u00e1ra egyar\u00e1nt lehet\u0151s\u00e9get teremt a k\u00f6z\u00f6s \u00e9lm\u00e9nyekre, kikapcsol\u00f3d\u00e1sra \u00e9s kapcsol\u00f3d\u00e1sra. A szervez\u0151k c\u00e9lja, hogy a &hellip; &quot;A PPP id\u00e9n is t\u00e1mogatja az Akad\u00e1lymentes Turizmus Napj\u00e1t&quot; b\u0151vebben\" \/>\n<meta property=\"og:url\" content=\"https:\/\/powder-products.com\/hu\/a-ppp-iden-is-tamogatja-az-akadalymentes-turizmus-napjat\/\" \/>\n<meta property=\"og:site_name\" content=\"PPP Private Powder Products\" \/>\n<meta property=\"article:publisher\" content=\"https:\/\/www.facebook.com\/privatepowderproducts\" \/>\n<meta property=\"article:modified_time\" content=\"2026-08-31T11:27:20+00:00\" \/>\n<meta name=\"twitter:card\" content=\"summary_large_image\" \/>\n<meta name=\"twitter:label1\" content=\"Becs\u00fclt olvas\u00e1si id\u0151\" \/>\n\t<meta name=\"twitter:data1\" content=\"1 perc\" \/>\n<script type=\"application\/ld+json\" class=\"yoast-schema-graph\">{\"@context\":\"https:\/\/schema.org\",\"@graph\":[{\"@type\":\"WebPage\",\"@id\":\"https:\/\/powder-products.com\/hu\/a-ppp-iden-is-tamogatja-az-akadalymentes-turizmus-napjat\/\",\"url\":\"https:\/\/powder-products.com\/hu\/a-ppp-iden-is-tamogatja-az-akadalymentes-turizmus-napjat\/\",\"name\":\"A PPP id\u00e9n is t\u00e1mogatja az Akad\u00e1lymentes Turizmus Napj\u00e1t - PPP Private Powder Products\",\"isPartOf\":{\"@id\":\"https:\/\/powder-products.com\/hu\/#website\"},\"datePublished\":\"2026-08-31T11:15:25+00:00\",\"dateModified\":\"2026-08-31T11:27:20+00:00\",\"breadcrumb\":{\"@id\":\"https:\/\/powder-products.com\/hu\/a-ppp-iden-is-tamogatja-az-akadalymentes-turizmus-napjat\/#breadcrumb\"},\"inLanguage\":\"hu\",\"potentialAction\":[{\"@type\":\"ReadAction\",\"target\":[\"https:\/\/powder-products.com\/hu\/a-ppp-iden-is-tamogatja-az-akadalymentes-turizmus-napjat\/\"]}]},{\"@type\":\"BreadcrumbList\",\"@id\":\"https:\/\/powder-products.com\/hu\/a-ppp-iden-is-tamogatja-az-akadalymentes-turizmus-napjat\/#breadcrumb\",\"itemListElement\":[{\"@type\":\"ListItem\",\"position\":1,\"name\":\"Home\",\"item\":\"https:\/\/powder-products.com\/hu\/\"},{\"@type\":\"ListItem\",\"position\":2,\"name\":\"A PPP id\u00e9n is t\u00e1mogatja az Akad\u00e1lymentes Turizmus Napj\u00e1t\"}]},{\"@type\":\"WebSite\",\"@id\":\"https:\/\/powder-products.com\/hu\/#website\",\"url\":\"https:\/\/powder-products.com\/hu\/\",\"name\":\"PPP Private Powder Products\",\"description\":\"Powder based products according to your needs.\",\"publisher\":{\"@id\":\"https:\/\/powder-products.com\/hu\/#organization\"},\"potentialAction\":[{\"@type\":\"SearchAction\",\"target\":{\"@type\":\"EntryPoint\",\"urlTemplate\":\"https:\/\/powder-products.com\/hu\/?s={search_term_string}\"},\"query-input\":{\"@type\":\"PropertyValueSpecification\",\"valueRequired\":true,\"valueName\":\"search_term_string\"}}],\"inLanguage\":\"hu\"},{\"@type\":\"Organization\",\"@id\":\"https:\/\/powder-products.com\/hu\/#organization\",\"name\":\"PPP Private Powder Products\",\"url\":\"https:\/\/powder-products.com\/hu\/\",\"logo\":{\"@type\":\"ImageObject\",\"inLanguage\":\"hu\",\"@id\":\"https:\/\/powder-products.com\/hu\/#\/schema\/logo\/image\/\",\"url\":\"https:\/\/powder-products.com\/wp-content\/uploads\/2024\/02\/ppp_logo_new-01.png\",\"contentUrl\":\"https:\/\/powder-products.com\/wp-content\/uploads\/2024\/02\/ppp_logo_new-01.png\",\"width\":512,\"height\":202,\"caption\":\"PPP Private Powder Products\"},\"image\":{\"@id\":\"https:\/\/powder-products.com\/hu\/#\/schema\/logo\/image\/\"},\"sameAs\":[\"https:\/\/www.facebook.com\/privatepowderproducts\"]}]}<\/script>\n<!-- \/ Yoast SEO Premium plugin. -->","yoast_head_json":{"title":"A PPP id\u00e9n is t\u00e1mogatja az Akad\u00e1lymentes Turizmus Napj\u00e1t - PPP Private Powder Products","robots":{"index":"index","follow":"follow","max-snippet":"max-snippet:-1","max-image-preview":"max-image-preview:large","max-video-preview":"max-video-preview:-1"},"canonical":"https:\/\/powder-products.com\/hu\/a-ppp-iden-is-tamogatja-az-akadalymentes-turizmus-napjat\/","og_locale":"hu_HU","og_type":"article","og_title":"A PPP id\u00e9n is t\u00e1mogatja az Akad\u00e1lymentes Turizmus Napj\u00e1t - PPP Private Powder Products","og_description":"Id\u00e9n is megrendez\u00e9sre ker\u00fcl az Akad\u00e1lymentes Turizmus Napja, amely 2026-ban jubileumi, 10. alkalommal v\u00e1rja a l\u00e1togat\u00f3kat. A rendezv\u00e9nyre szeptember 5-\u00e9n, Orf\u0171n ker\u00fcl sor, ahol eg\u00e9sz napos, sz\u00ednes programk\u00edn\u00e1lat v\u00e1rja a r\u00e9sztvev\u0151ket. Az esem\u00e9ny k\u00fcl\u00f6nlegess\u00e9ge, hogy fogyat\u00e9koss\u00e1ggal \u00e9l\u0151 \u00e9s \u00e9p emberek sz\u00e1m\u00e1ra egyar\u00e1nt lehet\u0151s\u00e9get teremt a k\u00f6z\u00f6s \u00e9lm\u00e9nyekre, kikapcsol\u00f3d\u00e1sra \u00e9s kapcsol\u00f3d\u00e1sra. A szervez\u0151k c\u00e9lja, hogy a &hellip; \"A PPP id\u00e9n is t\u00e1mogatja az Akad\u00e1lymentes Turizmus Napj\u00e1t\" b\u0151vebben","og_url":"https:\/\/powder-products.com\/hu\/a-ppp-iden-is-tamogatja-az-akadalymentes-turizmus-napjat\/","og_site_name":"PPP Private Powder Products","article_publisher":"https:\/\/www.facebook.com\/privatepowderproducts","article_modified_time":"2026-08-31T11:27:20+00:00","twitter_card":"summary_large_image","twitter_misc":{"Becs\u00fclt olvas\u00e1si id\u0151":"1 perc"},"schema":{"@context":"https:\/\/schema.org","@graph":[{"@type":"WebPage","@id":"https:\/\/powder-products.com\/hu\/a-ppp-iden-is-tamogatja-az-akadalymentes-turizmus-napjat\/","url":"https:\/\/powder-products.com\/hu\/a-ppp-iden-is-tamogatja-az-akadalymentes-turizmus-napjat\/","name":"A PPP id\u00e9n is t\u00e1mogatja az Akad\u00e1lymentes Turizmus Napj\u00e1t - PPP Private Powder Products","isPartOf":{"@id":"https:\/\/powder-products.com\/hu\/#website"},"datePublished":"2026-08-31T11:15:25+00:00","dateModified":"2026-08-31T11:27:20+00:00","breadcrumb":{"@id":"https:\/\/powder-products.com\/hu\/a-ppp-iden-is-tamogatja-az-akadalymentes-turizmus-napjat\/#breadcrumb"},"inLanguage":"hu","potentialAction":[{"@type":"ReadAction","target":["https:\/\/powder-products.com\/hu\/a-ppp-iden-is-tamogatja-az-akadalymentes-turizmus-napjat\/"]}]},{"@type":"BreadcrumbList","@id":"https:\/\/powder-products.com\/hu\/a-ppp-iden-is-tamogatja-az-akadalymentes-turizmus-napjat\/#breadcrumb","itemListElement":[{"@type":"ListItem","position":1,"name":"Home","item":"https:\/\/powder-products.com\/hu\/"},{"@type":"ListItem","position":2,"name":"A PPP id\u00e9n is t\u00e1mogatja az Akad\u00e1lymentes Turizmus Napj\u00e1t"}]},{"@type":"WebSite","@id":"https:\/\/powder-products.com\/hu\/#website","url":"https:\/\/powder-products.com\/hu\/","name":"PPP Private Powder Products","description":"Powder based products according to your needs.","publisher":{"@id":"https:\/\/powder-products.com\/hu\/#organization"},"potentialAction":[{"@type":"SearchAction","target":{"@type":"EntryPoint","urlTemplate":"https:\/\/powder-products.com\/hu\/?s={search_term_string}"},"query-input":{"@type":"PropertyValueSpecification","valueRequired":true,"valueName":"search_term_string"}}],"inLanguage":"hu"},{"@type":"Organization","@id":"https:\/\/powder-products.com\/hu\/#organization","name":"PPP Private Powder Products","url":"https:\/\/powder-products.com\/hu\/","logo":{"@type":"ImageObject","inLanguage":"hu","@id":"https:\/\/powder-products.com\/hu\/#\/schema\/logo\/image\/","url":"https:\/\/powder-products.com\/wp-content\/uploads\/2024\/02\/ppp_logo_new-01.png","contentUrl":"https:\/\/powder-products.com\/wp-content\/uploads\/2024\/02\/ppp_logo_new-01.png","width":512,"height":202,"caption":"PPP Private Powder Products"},"image":{"@id":"https:\/\/powder-products.com\/hu\/#\/schema\/logo\/image\/"},"sameAs":["https:\/\/www.facebook.com\/privatepowderproducts"]}]}},"_links":{"self":[{"href":"https:\/\/powder-products.com\/hu\/wp-json\/wp\/v2\/pages\/2017","targetHints":{"allow":["GET"]}}],"collection":[{"href":"https:\/\/powder-products.com\/hu\/wp-json\/wp\/v2\/pages"}],"about":[{"href":"https:\/\/powder-products.com\/hu\/wp-json\/wp\/v2\/types\/page"}],"author":[{"embeddable":true,"href":"https:\/\/powder-products.com\/hu\/wp-json\/wp\/v2\/users\/4"}],"replies":[{"embeddable":true,"href":"https:\/\/powder-products.com\/hu\/wp-json\/wp\/v2\/comments?post=2017"}],"version-history":[{"count":1,"href":"https:\/\/powder-products.com\/hu\/wp-json\/wp\/v2\/pages\/2017\/revisions"}],"predecessor-version":[{"id":2018,"href":"https:\/\/powder-products.com\/hu\/wp-json\/wp\/v2\/pages\/2017\/revisions\/2018"}],"wp:attachment":[{"href":"https:\/\/powder-products.com\/hu\/wp-json\/wp\/v2\/media?parent=2017"}],"curies":[{"name":"wp","href":"https:\/\/api.w.org\/{rel}","templated":true}]}}